{"id":28819,"date":"2017-04-14T12:06:24","date_gmt":"2017-04-14T10:06:24","guid":{"rendered":"https:\/\/www.wendepunkt-freiburg.de\/content\/main\/fuer-maedchen-jungen\/beratung-begleitung\/"},"modified":"2025-03-18T14:49:55","modified_gmt":"2025-03-18T13:49:55","slug":"beratung-begleitung","status":"publish","type":"page","link":"https:\/\/www.wendepunkt-freiburg.de\/content\/main\/fuer-maedchen-jungen\/beratung-begleitung\/","title":{"rendered":"Beratung &#038; Begleitung"},"content":{"rendered":"<p>[et_pb_section fb_built=&#8220;1&#8243; fullwidth=&#8220;on&#8220; _builder_version=&#8220;4.16&#8243; transparent_background=&#8220;off&#8220; make_fullwidth=&#8220;off&#8220; use_custom_width=&#8220;off&#8220; width_unit=&#8220;on&#8220; global_colors_info=&#8220;{}&#8220;][et_pb_fullwidth_header title=&#8220;Wendepunkt f\u00fcr M\u00e4dchen* und Jungen*:&#8220; subhead=&#8220;Wir beraten, wir begleiten, wir helfen.&#8220; header_fullscreen=&#8220;on&#8220; header_scroll_down=&#8220;on&#8220; background_overlay_color=&#8220;rgba(0,0,0,0.1)&#8220; content_max_width=&#8220;none&#8220; _builder_version=&#8220;4.23.1&#8243; title_font_size=&#8220;40&#8243; subhead_font_size=&#8220;24&#8243; background_color=&#8220;rgba(255, 255, 255, 0)&#8220; background_image=&#8220;https:\/\/www.wendepunkt-freiburg.de\/content\/wp-content\/uploads\/2017\/04\/WEP-WideScreen-KinderFuesseBalken.jpg&#8220; parallax=&#8220;on&#8220; custom_css_title=&#8220;text-shadow: 1px 1px 2px rgba(0,0,0,0.5);&#8220; custom_css_subtitle=&#8220;text-shadow: 1px 1px 2px rgba(0,0,0,0.7);&#8220; background_url=&#8220;https:\/\/www.wendepunkt-freiburg.de\/content\/wp-content\/uploads\/2017\/04\/WEP-WideScreen-KinderFuesseBalken.jpg&#8220; button_one_letter_spacing_hover=&#8220;0&#8243; button_two_letter_spacing_hover=&#8220;0&#8243; global_colors_info=&#8220;{}&#8220; button_one_text_size__hover_enabled=&#8220;off&#8220; button_one_text_size__hover=&#8220;null&#8220; button_two_text_size__hover_enabled=&#8220;off&#8220; button_two_text_size__hover=&#8220;null&#8220; button_one_text_color__hover_enabled=&#8220;off&#8220; button_one_text_color__hover=&#8220;null&#8220; button_two_text_color__hover_enabled=&#8220;off&#8220; button_two_text_color__hover=&#8220;null&#8220; button_one_border_width__hover_enabled=&#8220;off&#8220; button_one_border_width__hover=&#8220;null&#8220; button_two_border_width__hover_enabled=&#8220;off&#8220; button_two_border_width__hover=&#8220;null&#8220; button_one_border_color__hover_enabled=&#8220;off&#8220; button_one_border_color__hover=&#8220;null&#8220; button_two_border_color__hover_enabled=&#8220;off&#8220; button_two_border_color__hover=&#8220;null&#8220; button_one_border_radius__hover_enabled=&#8220;off&#8220; button_one_border_radius__hover=&#8220;null&#8220; button_two_border_radius__hover_enabled=&#8220;off&#8220; button_two_border_radius__hover=&#8220;null&#8220; button_one_letter_spacing__hover_enabled=&#8220;on&#8220; button_one_letter_spacing__hover=&#8220;0&#8243; button_two_letter_spacing__hover_enabled=&#8220;on&#8220; button_two_letter_spacing__hover=&#8220;0&#8243; button_one_bg_color__hover_enabled=&#8220;off&#8220; button_one_bg_color__hover=&#8220;null&#8220; button_two_bg_color__hover_enabled=&#8220;off&#8220; button_two_bg_color__hover=&#8220;null&#8220;][\/et_pb_fullwidth_header][\/et_pb_section][et_pb_section fb_built=&#8220;1&#8243; _builder_version=&#8220;4.27.2&#8243; _module_preset=&#8220;default&#8220; custom_padding=&#8220;||20px||false|false&#8220; border_width_bottom=&#8220;1px&#8220; border_color_bottom=&#8220;#68B022&#8243; global_colors_info=&#8220;{}&#8220;][et_pb_row column_structure=&#8220;1_2,1_2&#8243; _builder_version=&#8220;4.27.2&#8243; _module_preset=&#8220;default&#8220; global_colors_info=&#8220;{}&#8220;][et_pb_column type=&#8220;1_2&#8243; _builder_version=&#8220;4.27.2&#8243; _module_preset=&#8220;default&#8220; global_colors_info=&#8220;{}&#8220;][et_pb_text admin_label=&#8220;\u00dcberschrift&#8220; _builder_version=&#8220;4.16&#8243; background_size=&#8220;initial&#8220; background_position=&#8220;top_left&#8220; background_repeat=&#8220;repeat&#8220; z_index_tablet=&#8220;500&#8243; text_text_shadow_horizontal_length_tablet=&#8220;0px&#8220; text_text_shadow_vertical_length_tablet=&#8220;0px&#8220; text_text_shadow_blur_strength_tablet=&#8220;1px&#8220; link_text_shadow_horizontal_length_tablet=&#8220;0px&#8220; link_text_shadow_vertical_length_tablet=&#8220;0px&#8220; link_text_shadow_blur_strength_tablet=&#8220;1px&#8220; ul_text_shadow_horizontal_length_tablet=&#8220;0px&#8220; ul_text_shadow_vertical_length_tablet=&#8220;0px&#8220; ul_text_shadow_blur_strength_tablet=&#8220;1px&#8220; ol_text_shadow_horizontal_length_tablet=&#8220;0px&#8220; ol_text_shadow_vertical_length_tablet=&#8220;0px&#8220; ol_text_shadow_blur_strength_tablet=&#8220;1px&#8220; quote_text_shadow_horizontal_length_tablet=&#8220;0px&#8220; quote_text_shadow_vertical_length_tablet=&#8220;0px&#8220; quote_text_shadow_blur_strength_tablet=&#8220;1px&#8220; header_text_shadow_horizontal_length_tablet=&#8220;0px&#8220; header_text_shadow_vertical_length_tablet=&#8220;0px&#8220; header_text_shadow_blur_strength_tablet=&#8220;1px&#8220; header_2_text_shadow_horizontal_length_tablet=&#8220;0px&#8220; header_2_text_shadow_vertical_length_tablet=&#8220;0px&#8220; header_2_text_shadow_blur_strength_tablet=&#8220;1px&#8220; header_3_text_shadow_horizontal_length_tablet=&#8220;0px&#8220; header_3_text_shadow_vertical_length_tablet=&#8220;0px&#8220; header_3_text_shadow_blur_strength_tablet=&#8220;1px&#8220; header_4_text_shadow_horizontal_length_tablet=&#8220;0px&#8220; header_4_text_shadow_vertical_length_tablet=&#8220;0px&#8220; header_4_text_shadow_blur_strength_tablet=&#8220;1px&#8220; header_5_text_shadow_horizontal_length_tablet=&#8220;0px&#8220; header_5_text_shadow_vertical_length_tablet=&#8220;0px&#8220; header_5_text_shadow_blur_strength_tablet=&#8220;1px&#8220; header_6_text_shadow_horizontal_length_tablet=&#8220;0px&#8220; header_6_text_shadow_vertical_length_tablet=&#8220;0px&#8220; header_6_text_shadow_blur_strength_tablet=&#8220;1px&#8220; box_shadow_horizontal_tablet=&#8220;0px&#8220; box_shadow_vertical_tablet=&#8220;0px&#8220; box_shadow_blur_tablet=&#8220;40px&#8220; box_shadow_spread_tablet=&#8220;0px&#8220; use_border_color=&#8220;off&#8220; global_colors_info=&#8220;{}&#8220;]<\/p>\n<h1>Du darfst Dir Hilfe holen!!<\/h1>\n<p>[\/et_pb_text][\/et_pb_column][et_pb_column type=&#8220;1_2&#8243; _builder_version=&#8220;4.27.2&#8243; _module_preset=&#8220;default&#8220; global_colors_info=&#8220;{}&#8220;][et_pb_text admin_label=&#8220;Text + Flagge &#8212; Queere Menschen&#8220; _builder_version=&#8220;4.27.2&#8243; _module_preset=&#8220;default&#8220; global_colors_info=&#8220;{}&#8220;]<\/p>\n<h5><img loading=\"lazy\" decoding=\"async\" class=\"wp-image-31811 alignleft\" src=\"https:\/\/www.wendepunkt-freiburg.de\/content\/wp-content\/uploads\/2024\/02\/Progress-Pride-Flag-300x213.png\" alt=\"Progress Pride Flag\" width=\"100\" height=\"71\" srcset=\"https:\/\/www.wendepunkt-freiburg.de\/content\/wp-content\/uploads\/2024\/02\/Progress-Pride-Flag-300x213.png 300w, https:\/\/www.wendepunkt-freiburg.de\/content\/wp-content\/uploads\/2024\/02\/Progress-Pride-Flag-400x284.png 400w, https:\/\/www.wendepunkt-freiburg.de\/content\/wp-content\/uploads\/2024\/02\/Progress-Pride-Flag.png 450w\" sizes=\"(max-width: 100px) 100vw, 100px\" \/>Unser Angebot richtet sich ausdr\u00fccklich auch an queere Menschen.<\/h5>\n<p>[\/et_pb_text][\/et_pb_column][\/et_pb_row][\/et_pb_section][et_pb_section fb_built=&#8220;1&#8243; specialty=&#8220;on&#8220; parallax_method_1=&#8220;off&#8220; parallax_method_2=&#8220;off&#8220; _builder_version=&#8220;4.27.2&#8243; custom_padding=&#8220;20px||||false|false&#8220; transparent_background=&#8220;off&#8220; make_fullwidth=&#8220;off&#8220; use_custom_width=&#8220;off&#8220; width_unit=&#8220;on&#8220; global_colors_info=&#8220;{}&#8220;][et_pb_column type=&#8220;1_2&#8243; _builder_version=&#8220;4.16&#8243; custom_padding=&#8220;|||&#8220; global_colors_info=&#8220;{}&#8220; custom_padding__hover=&#8220;|||&#8220;][et_pb_text admin_label=&#8220;Text &#8211; Intro\/Info&#8220; _builder_version=&#8220;4.27.0&#8243; background_size=&#8220;initial&#8220; background_position=&#8220;top_left&#8220; background_repeat=&#8220;repeat&#8220; use_border_color=&#8220;off&#8220; border_color=&#8220;#ffffff&#8220; border_style=&#8220;solid&#8220; global_colors_info=&#8220;{}&#8220;]<\/p>\n<p>Sexueller Missbrauch ist nicht einfach ein Problem, mit dem man irgendwie alleine klarkommen muss. Sexueller Missbrauch ist eine schwere Form von Gewalt. Jedes Kind hat das Recht darauf, keinen sexuellen Missbrauch erleiden zu m\u00fcssen! Das gilt f\u00fcr alle Kinder und Jugendlichen und f\u00fcr jedes Geschlecht. Bei uns bekommen alle Betroffenen Unterst\u00fctzung und unser Angebot richtet sich ausdr\u00fccklich auch an queere Menschen.<\/p>\n<p>Wenn Du sexuellen Missbrauch erlebst oder erlebt hast, darfst du dir Hilfe holen! Auch dann, wenn dir gesagt wurde, dass du niemandem davon erz\u00e4hlen darfst.<\/p>\n<p>Ruf uns an unter <strong><a href=\"tel:+497617071191\">0761 \/ 70 71 191<\/a><\/strong> und vereinbare mit uns einen Termin f\u00fcr ein Beratungsgespr\u00e4ch.<\/p>\n<p>[\/et_pb_text][et_pb_text admin_label=&#8220;Punktliste&#8220; _builder_version=&#8220;4.27.0&#8243; background_size=&#8220;initial&#8220; background_position=&#8220;top_left&#8220; background_repeat=&#8220;repeat&#8220; use_border_color=&#8220;off&#8220; border_color=&#8220;#ffffff&#8220; border_style=&#8220;solid&#8220; global_colors_info=&#8220;{}&#8220;]<\/p>\n<ul>\n<li>Du entscheidest, wie viel und was du uns erz\u00e4hlst.<\/li>\n<li>Wir glauben dir und sind auf deiner Seite.<\/li>\n<li>Wir schauen mit dir gemeinsam nach L\u00f6sungen.<\/li>\n<li>Wir unternehmen nichts, ohne es mit dir zu besprechen.<\/li>\n<li>Du darfst gerne jemanden zum Gespr\u00e4ch mitbringen.<\/li>\n<li>Du musst deinen Namen nicht nennen.<\/li>\n<li>Du kannst bei uns mit einer Frau oder mit einem Mann sprechen.<\/li>\n<li>F\u00fcr die Gespr\u00e4che musst du nichts bezahlen.<\/li>\n<\/ul>\n<p>[\/et_pb_text][\/et_pb_column][et_pb_column type=&#8220;1_2&#8243; specialty_columns=&#8220;2&#8243; _builder_version=&#8220;4.16&#8243; custom_padding=&#8220;|||&#8220; global_colors_info=&#8220;{}&#8220; custom_padding__hover=&#8220;|||&#8220;][et_pb_row_inner admin_label=&#8220;Zeile&#8220; _builder_version=&#8220;4.27.0&#8243; custom_margin=&#8220;||5px||false|false&#8220; custom_padding=&#8220;||5px||false|false&#8220; global_colors_info=&#8220;{}&#8220;][et_pb_column_inner saved_specialty_column_type=&#8220;1_2&#8243; _builder_version=&#8220;4.16&#8243; custom_padding=&#8220;|||&#8220; global_colors_info=&#8220;{}&#8220; custom_padding__hover=&#8220;|||&#8220;][et_pb_text admin_label=&#8220;Text M\u00e4dchen&#8220; _builder_version=&#8220;4.27.2&#8243; background_size=&#8220;initial&#8220; background_position=&#8220;top_left&#8220; background_repeat=&#8220;repeat&#8220; use_border_color=&#8220;off&#8220; border_color=&#8220;#ffffff&#8220; border_style=&#8220;solid&#8220; global_colors_info=&#8220;{}&#8220;]<\/p>\n<h5>Wir sind die Ansprechpartnerinnen f\u00fcr M\u00e4dchen*. Du kannst Dich an uns wenden und wir h\u00f6ren Dir zu:<\/h5>\n<p>[\/et_pb_text][\/et_pb_column_inner][\/et_pb_row_inner][et_pb_row_inner column_structure=&#8220;1_2,1_2&#8243; admin_label=&#8220;Zeile&#8220; _builder_version=&#8220;4.27.0&#8243; custom_margin=&#8220;||||false|false&#8220; custom_padding=&#8220;5px||||false|false&#8220; border_width_bottom=&#8220;1px&#8220; border_color_bottom=&#8220;#68B022&#8243; global_colors_info=&#8220;{}&#8220;][et_pb_column_inner type=&#8220;1_2&#8243; saved_specialty_column_type=&#8220;1_2&#8243; _builder_version=&#8220;4.16&#8243; custom_padding=&#8220;|||&#8220; global_colors_info=&#8220;{}&#8220; custom_padding__hover=&#8220;|||&#8220;][et_pb_team_member name=&#8220;Anja Menner&#8220; image_url=&#8220;https:\/\/www.wendepunkt-freiburg.de\/content\/wp-content\/uploads\/2025\/03\/WEP-Portrait-750&#215;500-202503-Anja-Menner-Foto-Britt-Schilling-29A2235.jpg&#8220; admin_label=&#8220;Person &#8211; Anja Menner&#8220; _builder_version=&#8220;4.27.4&#8243; border_color_all=&#8220;#ffffff&#8220; use_border_color=&#8220;off&#8220; global_colors_info=&#8220;{}&#8220;][\/et_pb_team_member][\/et_pb_column_inner][et_pb_column_inner type=&#8220;1_2&#8243; saved_specialty_column_type=&#8220;1_2&#8243; _builder_version=&#8220;4.16&#8243; custom_padding=&#8220;|||&#8220; global_colors_info=&#8220;{}&#8220; custom_padding__hover=&#8220;|||&#8220;][et_pb_team_member name=&#8220;Johanna Konnerth&#8220; image_url=&#8220;https:\/\/www.wendepunkt-freiburg.de\/content\/wp-content\/uploads\/2025\/03\/WEP-Portrait-750&#215;500-202503-Johanna-Konnerth-Foto-Britt-Schilling-29A2235.jpg&#8220; admin_label=&#8220;Person &#8211; Johanna Konnerth&#8220; _builder_version=&#8220;4.27.4&#8243; z_index_tablet=&#8220;500&#8243; border_color_all=&#8220;#ffffff&#8220; use_border_color=&#8220;off&#8220; global_colors_info=&#8220;{}&#8220;][\/et_pb_team_member][\/et_pb_column_inner][\/et_pb_row_inner][et_pb_row_inner admin_label=&#8220;Zeile&#8220; _builder_version=&#8220;4.27.0&#8243; custom_margin=&#8220;||5px||false|false&#8220; custom_padding=&#8220;||5px||false|false&#8220; global_colors_info=&#8220;{}&#8220;][et_pb_column_inner saved_specialty_column_type=&#8220;1_2&#8243; _builder_version=&#8220;4.16&#8243; custom_padding=&#8220;|||&#8220; global_colors_info=&#8220;{}&#8220; custom_padding__hover=&#8220;|||&#8220;][et_pb_text admin_label=&#8220;Text Jungen&#8220; _builder_version=&#8220;4.27.2&#8243; background_size=&#8220;initial&#8220; background_position=&#8220;top_left&#8220; background_repeat=&#8220;repeat&#8220; use_border_color=&#8220;off&#8220; border_color=&#8220;#ffffff&#8220; border_style=&#8220;solid&#8220; global_colors_info=&#8220;{}&#8220;]<\/p>\n<h5>Wir sind die Ansprechpartner f\u00fcr Jungen*. Du kannst Dich an uns wenden und wir h\u00f6ren Dir zu:<\/h5>\n<p>[\/et_pb_text][\/et_pb_column_inner][\/et_pb_row_inner][et_pb_row_inner column_structure=&#8220;1_2,1_2&#8243; admin_label=&#8220;Zeile&#8220; _builder_version=&#8220;4.27.0&#8243; custom_margin=&#8220;||||false|false&#8220; custom_padding=&#8220;5px||||false|false&#8220; global_colors_info=&#8220;{}&#8220;][et_pb_column_inner type=&#8220;1_2&#8243; saved_specialty_column_type=&#8220;1_2&#8243; _builder_version=&#8220;4.16&#8243; custom_padding=&#8220;|||&#8220; global_colors_info=&#8220;{}&#8220; custom_padding__hover=&#8220;|||&#8220;][et_pb_team_member name=&#8220;Nils Vogelsang&#8220; image_url=&#8220;https:\/\/www.wendepunkt-freiburg.de\/content\/wp-content\/uploads\/2024\/07\/WEP-Portrait-750&#215;500-202407-Nils-Vogelsang.jpg&#8220; admin_label=&#8220;Person &#8211; Nils Vogelsang&#8220; _builder_version=&#8220;4.27.0&#8243; border_color_all=&#8220;#ffffff&#8220; use_border_color=&#8220;off&#8220; global_colors_info=&#8220;{}&#8220;][\/et_pb_team_member][\/et_pb_column_inner][et_pb_column_inner type=&#8220;1_2&#8243; saved_specialty_column_type=&#8220;1_2&#8243; _builder_version=&#8220;4.16&#8243; custom_padding=&#8220;|||&#8220; global_colors_info=&#8220;{}&#8220; custom_padding__hover=&#8220;|||&#8220;][et_pb_team_member name=&#8220;Raphael Zweig&#8220; image_url=&#8220;https:\/\/www.wendepunkt-freiburg.de\/content\/wp-content\/uploads\/2025\/03\/WEP-Portrait-750&#215;500-202503-Raphael-Zweig-Foto-Britt-Schilling-29A2235.jpg&#8220; admin_label=&#8220;Person &#8211; Raphael Zweig&#8220; _builder_version=&#8220;4.27.4&#8243; border_color_all=&#8220;#ffffff&#8220; use_border_color=&#8220;off&#8220; global_colors_info=&#8220;{}&#8220;][\/et_pb_team_member][\/et_pb_column_inner][\/et_pb_row_inner][\/et_pb_column][\/et_pb_section][et_pb_section fb_built=&#8220;1&#8243; _builder_version=&#8220;4.16&#8243; background_color=&#8220;#68b022&#8243; transparent_background=&#8220;off&#8220; make_fullwidth=&#8220;off&#8220; use_custom_width=&#8220;off&#8220; width_unit=&#8220;on&#8220; global_colors_info=&#8220;{}&#8220;][et_pb_row column_structure=&#8220;1_3,1_3,1_3&#8243; _builder_version=&#8220;4.21.0&#8243; background_size=&#8220;initial&#8220; background_position=&#8220;top_left&#8220; background_repeat=&#8220;repeat&#8220; global_colors_info=&#8220;{}&#8220;][et_pb_column type=&#8220;1_3&#8243; _builder_version=&#8220;4.16&#8243; custom_padding=&#8220;|||&#8220; global_colors_info=&#8220;{}&#8220; custom_padding__hover=&#8220;|||&#8220;][et_pb_text _builder_version=&#8220;4.16&#8243; background_size=&#8220;initial&#8220; background_position=&#8220;top_left&#8220; background_repeat=&#8220;repeat&#8220; text_orientation=&#8220;center&#8220; background_layout=&#8220;dark&#8220; module_alignment=&#8220;center&#8220; use_border_color=&#8220;off&#8220; border_color=&#8220;#ffffff&#8220; border_style=&#8220;solid&#8220; global_colors_info=&#8220;{}&#8220;]<\/p>\n<p><strong>Auch eine Begleitung in Form von Gespr\u00e4chen \u00fcber einen l\u00e4ngeren Zeitraum bieten wir dir gerne an.<br \/>Denn mit jemandem \u00fcber die Gef\u00fchle \u2013 \u00c4ngste, Wut und Trauer \u2013 reden zu k\u00f6nnen, hilft.<\/strong><\/p>\n<p>[\/et_pb_text][\/et_pb_column][et_pb_column type=&#8220;1_3&#8243; _builder_version=&#8220;4.16&#8243; custom_padding=&#8220;|||&#8220; global_colors_info=&#8220;{}&#8220; custom_padding__hover=&#8220;|||&#8220;][et_pb_text _builder_version=&#8220;4.16&#8243; background_size=&#8220;initial&#8220; background_position=&#8220;top_left&#8220; background_repeat=&#8220;repeat&#8220; text_orientation=&#8220;center&#8220; background_layout=&#8220;dark&#8220; module_alignment=&#8220;center&#8220; use_border_color=&#8220;off&#8220; border_color=&#8220;#ffffff&#8220; border_style=&#8220;solid&#8220; global_colors_info=&#8220;{}&#8220;]<\/p>\n<p><strong>Wir stehen unter Schweigepflicht! <\/strong><br \/><strong>Das hei\u00dft: Wir d\u00fcrfen ohne deine Erlaubnis niemandem von unserem Gespr\u00e4ch erz\u00e4hlen.<\/strong><\/p>\n<p>[\/et_pb_text][\/et_pb_column][et_pb_column type=&#8220;1_3&#8243; _builder_version=&#8220;4.16&#8243; custom_padding=&#8220;|||&#8220; global_colors_info=&#8220;{}&#8220; custom_padding__hover=&#8220;|||&#8220;][et_pb_text _builder_version=&#8220;4.16&#8243; background_size=&#8220;initial&#8220; background_position=&#8220;top_left&#8220; background_repeat=&#8220;repeat&#8220; text_orientation=&#8220;center&#8220; background_layout=&#8220;dark&#8220; module_alignment=&#8220;center&#8220; use_border_color=&#8220;off&#8220; border_color=&#8220;#ffffff&#8220; border_style=&#8220;solid&#8220; global_colors_info=&#8220;{}&#8220;]<\/p>\n<p><strong>Wir m\u00f6chten dir gerne helfen, <\/strong><br \/><strong>dass du vor weiterem Missbrauch gesch\u00fctzt wirst, <\/strong><br \/><strong>und dass es Dir besser geht!<\/strong><\/p>\n<p>[\/et_pb_text][\/et_pb_column][\/et_pb_row][\/et_pb_section][et_pb_section fb_built=&#8220;1&#8243; custom_padding_last_edited=&#8220;on|desktop&#8220; admin_label=&#8220;Sektion Gruppe HandStapel&#8220; _builder_version=&#8220;4.21.0&#8243; _module_preset=&#8220;default&#8220; background_image=&#8220;https:\/\/www.wendepunkt-freiburg.de\/content\/wp-content\/uploads\/2023\/07\/WEP-Widescreen-HandStapel.jpg&#8220; background_position=&#8220;center_left&#8220; custom_margin=&#8220;||||false|false&#8220; custom_padding=&#8220;350px||100px||false|false&#8220; custom_padding_tablet=&#8220;250px||80px||false|false&#8220; custom_padding_phone=&#8220;200px||30px||false|false&#8220; global_colors_info=&#8220;{}&#8220;][et_pb_row column_structure=&#8220;2_5,3_5&#8243; _builder_version=&#8220;4.21.0&#8243; _module_preset=&#8220;default&#8220; global_colors_info=&#8220;{}&#8220;][et_pb_column type=&#8220;2_5&#8243; _builder_version=&#8220;4.21.0&#8243; _module_preset=&#8220;default&#8220; global_colors_info=&#8220;{}&#8220;][\/et_pb_column][et_pb_column type=&#8220;3_5&#8243; _builder_version=&#8220;4.21.0&#8243; _module_preset=&#8220;default&#8220; global_colors_info=&#8220;{}&#8220;][et_pb_text admin_label=&#8220;Headline &#8212; Manchmal tut eine Gruppe gut!&#8220; _builder_version=&#8220;4.21.0&#8243; _module_preset=&#8220;default&#8220; text_orientation=&#8220;center&#8220; background_layout=&#8220;dark&#8220; global_colors_info=&#8220;{}&#8220;]<\/p>\n<h1>Manchmal tut eine Gruppe gut!<\/h1>\n<p>[\/et_pb_text][\/et_pb_column][\/et_pb_row][\/et_pb_section][et_pb_section fb_built=&#8220;1&#8243; _builder_version=&#8220;4.16&#8243; global_colors_info=&#8220;{}&#8220;][et_pb_row column_structure=&#8220;2_3,1_3&#8243; use_custom_gutter=&#8220;on&#8220; gutter_width=&#8220;4&#8243; _builder_version=&#8220;4.21.0&#8243; background_size=&#8220;initial&#8220; background_position=&#8220;top_left&#8220; background_repeat=&#8220;repeat&#8220; global_colors_info=&#8220;{}&#8220;][et_pb_column type=&#8220;2_3&#8243; _builder_version=&#8220;4.16&#8243; custom_padding=&#8220;|||&#8220; global_colors_info=&#8220;{}&#8220; custom_padding__hover=&#8220;|||&#8220;][et_pb_text _builder_version=&#8220;4.21.0&#8243; background_size=&#8220;initial&#8220; background_position=&#8220;top_left&#8220; background_repeat=&#8220;repeat&#8220; use_border_color=&#8220;off&#8220; border_color=&#8220;#ffffff&#8220; border_style=&#8220;solid&#8220; global_colors_info=&#8220;{}&#8220;]<\/p>\n<p>Die Erfahrung, dass es auch andere M\u00e4dchen und Jungen gibt, denen das Gleiche oder \u00e4hnliche Dinge widerfahren sind, tut einfach gut. Alle, die an unserer Gruppe teilnehmen, haben sexuelle \u00dcbergriffe erlebt.<\/p>\n<p>Wir wissen, wie schwierig es ist, \u00fcber das zu reden, was dir passiert ist und Worte daf\u00fcr zu finden. In unseren M\u00e4dchen- und Jungengruppen bieten wir genau daf\u00fcr den Rahmen. Sich auszutauschen, von den andern mitzubekommen, zu erleben, einfach da zu sein.<\/p>\n<p>Unsere Gruppentreffen gestalten wir nach euren thematischen W\u00fcnschen und geben unseren eigenen Input dazu. Es darf gelacht und geweint werden \u2013 alles darf \/ nichts muss.<\/p>\n<p>[\/et_pb_text][\/et_pb_column][et_pb_column type=&#8220;1_3&#8243; _builder_version=&#8220;4.16&#8243; custom_padding=&#8220;|||&#8220; global_colors_info=&#8220;{}&#8220; custom_padding__hover=&#8220;|||&#8220;][et_pb_image src=&#8220;https:\/\/www.wendepunkt-freiburg.de\/content\/wp-content\/uploads\/2017\/04\/sonne1.gif&#8220; alt=&#8220;PLATZHALTER GRUPPE&#8220; title_text=&#8220;PLATZHALTER GRUPPE&#8220; align_tablet=&#8220;center&#8220; align_phone=&#8220;&#8220; align_last_edited=&#8220;on|desktop&#8220; _builder_version=&#8220;4.27.0&#8243; animation_style=&#8220;slide&#8220; animation_direction=&#8220;left&#8220; animation_duration=&#8220;500ms&#8220; animation_intensity_slide=&#8220;10%&#8220; use_border_color=&#8220;off&#8220; border_color=&#8220;#ffffff&#8220; border_style=&#8220;solid&#8220; animation=&#8220;left&#8220; sticky=&#8220;off&#8220; always_center_on_mobile=&#8220;on&#8220; global_colors_info=&#8220;{}&#8220;][\/et_pb_image][\/et_pb_column][\/et_pb_row][\/et_pb_section][et_pb_section fb_built=&#8220;1&#8243; _builder_version=&#8220;4.21.0&#8243; background_color=&#8220;#7cda24&#8243; transparent_background=&#8220;off&#8220; make_fullwidth=&#8220;off&#8220; use_custom_width=&#8220;off&#8220; width_unit=&#8220;on&#8220; global_colors_info=&#8220;{}&#8220;][et_pb_row _builder_version=&#8220;4.21.0&#8243; background_size=&#8220;initial&#8220; background_position=&#8220;top_left&#8220; background_repeat=&#8220;repeat&#8220; global_colors_info=&#8220;{}&#8220;][et_pb_column type=&#8220;4_4&#8243; _builder_version=&#8220;4.16&#8243; custom_padding=&#8220;|||&#8220; global_colors_info=&#8220;{}&#8220; custom_padding__hover=&#8220;|||&#8220;][et_pb_text admin_label=&#8220;\u00dcberschrift&#8220; _builder_version=&#8220;4.16&#8243; background_size=&#8220;initial&#8220; background_position=&#8220;top_left&#8220; background_repeat=&#8220;repeat&#8220; background_layout=&#8220;dark&#8220; use_border_color=&#8220;off&#8220; border_color=&#8220;#ffffff&#8220; border_style=&#8220;solid&#8220; global_colors_info=&#8220;{}&#8220;]<\/p>\n<h1>Strafanzeige? Wir lassen Dich damit nicht alleine!<\/h1>\n<p>[\/et_pb_text][\/et_pb_column][\/et_pb_row][\/et_pb_section][et_pb_section fb_built=&#8220;1&#8243; specialty=&#8220;on&#8220; parallax_method_1=&#8220;off&#8220; parallax_method_2=&#8220;off&#8220; _builder_version=&#8220;4.21.0&#8243; transparent_background=&#8220;off&#8220; make_fullwidth=&#8220;off&#8220; use_custom_width=&#8220;off&#8220; width_unit=&#8220;on&#8220; global_colors_info=&#8220;{}&#8220;][et_pb_column type=&#8220;1_2&#8243; _builder_version=&#8220;4.16&#8243; custom_padding=&#8220;|||&#8220; global_colors_info=&#8220;{}&#8220; custom_padding__hover=&#8220;|||&#8220;][et_pb_text _builder_version=&#8220;4.16&#8243; background_size=&#8220;initial&#8220; background_position=&#8220;top_left&#8220; background_repeat=&#8220;repeat&#8220; use_border_color=&#8220;off&#8220; border_color=&#8220;#ffffff&#8220; border_style=&#8220;solid&#8220; global_colors_info=&#8220;{}&#8220;]<\/p>\n<p>Sexueller Missbrauch ist gesetzlich verboten. Daher ist es m\u00f6glich, bei der Kriminalpolizei (kurz: Kripo) Strafanzeige gegen den T\u00e4ter oder die T\u00e4terin zu erstatten. Eine Pflicht zur Strafanzeige gibt es nicht.<\/p>\n<p>Weil nur selten jemand zugibt, jemanden sexuell missbraucht zu haben, muss die Kripo Indizien und Beweise sammeln, damit sp\u00e4ter ein Gericht den T\u00e4ter oder die T\u00e4terin zu einer Strafe verurteilen kann. Dazu braucht die Kripo auch eine Aussage von der Person, der der Missbrauch angetan wurde.<\/p>\n<p>Wenn Du unsicher bist, ob du Strafanzeige erstatten solltest, sprich mit uns dar\u00fcber! Ruf uns an <a href=\"tel:+497617071191\"><strong>0761 \/ 70 71 191<\/strong><\/a> und vereinbare mit uns einen Termin f\u00fcr ein Beratungsgespr\u00e4ch. Gemeinsam besprechen wir mit dir alle Fragen und Sorgen, die du rund ums Thema Strafanzeige hast.<\/p>\n<p>Falls du dich f\u00fcr eine Strafanzeige entscheidest, besprechen wir mit dir alle Schritte, die dann wichtig sind, und stellen gern f\u00fcr dich den Kontakt mit der Kripo her. Wir begleiten dich zur Aussage bei der Kripo und auch sp\u00e4ter \u2013 vor, w\u00e4hrend und nach der Gerichtsverhandlung.<\/p>\n<p>[\/et_pb_text][\/et_pb_column][et_pb_column type=&#8220;1_2&#8243; specialty_columns=&#8220;2&#8243; _builder_version=&#8220;4.16&#8243; custom_padding=&#8220;|||&#8220; global_colors_info=&#8220;{}&#8220; custom_padding__hover=&#8220;|||&#8220;][et_pb_row_inner admin_label=&#8220;Zeile&#8220; _builder_version=&#8220;4.27.0&#8243; custom_margin=&#8220;||5px||false|false&#8220; custom_padding=&#8220;||5px||false|false&#8220; locked=&#8220;off&#8220; global_colors_info=&#8220;{}&#8220;][et_pb_column_inner saved_specialty_column_type=&#8220;1_2&#8243; _builder_version=&#8220;4.16&#8243; custom_padding=&#8220;|||&#8220; global_colors_info=&#8220;{}&#8220; custom_padding__hover=&#8220;|||&#8220;][et_pb_text _builder_version=&#8220;4.27.0&#8243; background_size=&#8220;initial&#8220; background_position=&#8220;top_left&#8220; background_repeat=&#8220;repeat&#8220; use_border_color=&#8220;off&#8220; border_color=&#8220;#ffffff&#8220; border_style=&#8220;solid&#8220; global_colors_info=&#8220;{}&#8220;]<\/p>\n<h5>Wir kennen uns mit Strafanzeigen aus. Du kannst dich an uns wenden und wir schauen gemeinsam hin:<\/h5>\n<p>[\/et_pb_text][\/et_pb_column_inner][\/et_pb_row_inner][et_pb_row_inner column_structure=&#8220;1_2,1_2&#8243; admin_label=&#8220;Zeile&#8220; _builder_version=&#8220;4.27.0&#8243; custom_margin=&#8220;5px||0px||false|false&#8220; custom_padding=&#8220;5px||||false|false&#8220; border_width_bottom=&#8220;1px&#8220; border_color_bottom=&#8220;#68B022&#8243; global_colors_info=&#8220;{}&#8220;][et_pb_column_inner type=&#8220;1_2&#8243; saved_specialty_column_type=&#8220;1_2&#8243; _builder_version=&#8220;4.16&#8243; custom_padding=&#8220;|||&#8220; global_colors_info=&#8220;{}&#8220; custom_padding__hover=&#8220;|||&#8220;][et_pb_team_member name=&#8220;Anja Menner&#8220; image_url=&#8220;https:\/\/www.wendepunkt-freiburg.de\/content\/wp-content\/uploads\/2025\/03\/WEP-Portrait-750&#215;500-202503-Anja-Menner-Foto-Britt-Schilling-29A2235.jpg&#8220; admin_label=&#8220;Person &#8211; Anja Menner&#8220; _builder_version=&#8220;4.27.4&#8243; hover_enabled=&#8220;0&#8243; border_color_all=&#8220;#ffffff&#8220; use_border_color=&#8220;off&#8220; global_colors_info=&#8220;{}&#8220; alt=&#8220;Anja Menner &#8211; Beraterin bei WENDEpunkt&#8220; title_text=&#8220;Anja Menner &#8211; Beraterin bei WENDEpunkt&#8220; sticky_enabled=&#8220;0&#8243;][\/et_pb_team_member][\/et_pb_column_inner][et_pb_column_inner type=&#8220;1_2&#8243; saved_specialty_column_type=&#8220;1_2&#8243; _builder_version=&#8220;4.16&#8243; custom_padding=&#8220;|||&#8220; global_colors_info=&#8220;{}&#8220; custom_padding__hover=&#8220;|||&#8220;][et_pb_team_member name=&#8220;Kristin H\u00fcls&#8220; image_url=&#8220;https:\/\/www.wendepunkt-freiburg.de\/content\/wp-content\/uploads\/2025\/03\/WEP-Portrait-750&#215;500-202503-Kristin-Huels-Foto-Britt-Schilling-29A2235.jpg&#8220; admin_label=&#8220;Person &#8211; Kristin H\u00fcls&#8220; _builder_version=&#8220;4.27.4&#8243; hover_enabled=&#8220;0&#8243; border_color_all=&#8220;#ffffff&#8220; use_border_color=&#8220;off&#8220; global_colors_info=&#8220;{}&#8220; alt=&#8220;Kristin H\u00fcls &#8211; Beraterin bei WENDEpunkt&#8220; title_text=&#8220;Kristin H\u00fcls &#8211; Beraterin bei WENDEpunkt&#8220; sticky_enabled=&#8220;0&#8243;][\/et_pb_team_member][\/et_pb_column_inner][\/et_pb_row_inner][et_pb_row_inner admin_label=&#8220;Zeile&#8220; _builder_version=&#8220;4.27.0&#8243; custom_margin=&#8220;||5px||false|false&#8220; custom_padding=&#8220;||5px||false|false&#8220; locked=&#8220;off&#8220; global_colors_info=&#8220;{}&#8220;][et_pb_column_inner saved_specialty_column_type=&#8220;1_2&#8243; _builder_version=&#8220;4.16&#8243; custom_padding=&#8220;|||&#8220; global_colors_info=&#8220;{}&#8220; custom_padding__hover=&#8220;|||&#8220;][et_pb_text _builder_version=&#8220;4.27.0&#8243; background_size=&#8220;initial&#8220; background_position=&#8220;top_left&#8220; background_repeat=&#8220;repeat&#8220; use_border_color=&#8220;off&#8220; border_color=&#8220;#ffffff&#8220; border_style=&#8220;solid&#8220; global_colors_info=&#8220;{}&#8220;]<\/p>\n<h5>Bei der Entscheidung: Strafanzeige, ja oder nein, stehe ich an deiner Seite:<\/h5>\n<p>[\/et_pb_text][\/et_pb_column_inner][\/et_pb_row_inner][et_pb_row_inner column_structure=&#8220;1_2,1_2&#8243; admin_label=&#8220;Zeile&#8220; _builder_version=&#8220;4.27.0&#8243; custom_margin=&#8220;5px||||false|false&#8220; custom_padding=&#8220;5px||||false|false&#8220; global_colors_info=&#8220;{}&#8220;][et_pb_column_inner type=&#8220;1_2&#8243; saved_specialty_column_type=&#8220;1_2&#8243; _builder_version=&#8220;4.16&#8243; custom_padding=&#8220;|||&#8220; global_colors_info=&#8220;{}&#8220; custom_padding__hover=&#8220;|||&#8220;][et_pb_team_member name=&#8220;Nils Vogelsang&#8220; image_url=&#8220;https:\/\/www.wendepunkt-freiburg.de\/content\/wp-content\/uploads\/2024\/07\/WEP-Portrait-750&#215;500-202407-Nils-Vogelsang.jpg&#8220; admin_label=&#8220;Person &#8211; Nils Vogelsang&#8220; _builder_version=&#8220;4.27.0&#8243; border_color_all=&#8220;#ffffff&#8220; use_border_color=&#8220;off&#8220; global_colors_info=&#8220;{}&#8220;][\/et_pb_team_member][\/et_pb_column_inner][et_pb_column_inner type=&#8220;1_2&#8243; saved_specialty_column_type=&#8220;1_2&#8243; _builder_version=&#8220;4.16&#8243; custom_padding=&#8220;|||&#8220; global_colors_info=&#8220;{}&#8220; custom_padding__hover=&#8220;|||&#8220;][\/et_pb_column_inner][\/et_pb_row_inner][\/et_pb_column][\/et_pb_section]<\/p>\n","protected":false},"excerpt":{"rendered":"<p>Du darfst Dir Hilfe holen!! Unser Angebot richtet sich ausdr\u00fccklich auch an queere Menschen.Sexueller Missbrauch ist nicht einfach ein Problem, mit dem man irgendwie alleine klarkommen muss. Sexueller Missbrauch ist eine schwere Form von Gewalt. Jedes Kind hat das Recht darauf, keinen sexuellen Missbrauch erleiden zu m\u00fcssen! Das gilt f\u00fcr alle Kinder und Jugendlichen und f\u00fcr jedes Geschlecht. Bei uns bekommen alle Betroffenen Unterst\u00fctzung und unser Angebot richtet sich ausdr\u00fccklich auch an queere Menschen. Wenn Du sexuellen Missbrauch erlebst oder erlebt hast, darfst du dir Hilfe holen! Auch dann, wenn dir gesagt wurde, dass du niemandem davon erz\u00e4hlen darfst. Ruf uns an unter 0761 \/ 70 71 191 und vereinbare mit uns einen Termin f\u00fcr ein Beratungsgespr\u00e4ch. Du entscheidest, wie viel und was du uns erz\u00e4hlst. Wir glauben dir und sind auf deiner Seite. Wir schauen mit dir gemeinsam nach L\u00f6sungen. Wir unternehmen nichts, ohne es mit dir zu besprechen. Du darfst gerne jemanden zum Gespr\u00e4ch mitbringen. Du musst deinen Namen nicht nennen. Du kannst bei uns mit einer Frau oder mit einem Mann sprechen. F\u00fcr die Gespr\u00e4che musst du nichts bezahlen. Wir sind die Ansprechpartnerinnen f\u00fcr M\u00e4dchen*. Du kannst Dich an uns wenden und wir h\u00f6ren Dir zu:Wir sind [&hellip;]<\/p>\n","protected":false},"author":1,"featured_media":0,"parent":28738,"menu_order":1,"comment_status":"closed","ping_status":"closed","template":"","meta":{"_et_pb_use_builder":"on","_et_pb_old_content":"","_et_gb_content_width":"","footnotes":""},"class_list":["post-28819","page","type-page","status-publish","hentry"],"_links":{"self":[{"href":"https:\/\/www.wendepunkt-freiburg.de\/content\/wp-json\/wp\/v2\/pages\/28819","targetHints":{"allow":["GET"]}}],"collection":[{"href":"https:\/\/www.wendepunkt-freiburg.de\/content\/wp-json\/wp\/v2\/pages"}],"about":[{"href":"https:\/\/www.wendepunkt-freiburg.de\/content\/wp-json\/wp\/v2\/types\/page"}],"author":[{"embeddable":true,"href":"https:\/\/www.wendepunkt-freiburg.de\/content\/wp-json\/wp\/v2\/users\/1"}],"replies":[{"embeddable":true,"href":"https:\/\/www.wendepunkt-freiburg.de\/content\/wp-json\/wp\/v2\/comments?post=28819"}],"version-history":[{"count":0,"href":"https:\/\/www.wendepunkt-freiburg.de\/content\/wp-json\/wp\/v2\/pages\/28819\/revisions"}],"up":[{"embeddable":true,"href":"https:\/\/www.wendepunkt-freiburg.de\/content\/wp-json\/wp\/v2\/pages\/28738"}],"wp:attachment":[{"href":"https:\/\/www.wendepunkt-freiburg.de\/content\/wp-json\/wp\/v2\/media?parent=28819"}],"curies":[{"name":"wp","href":"https:\/\/api.w.org\/{rel}","templated":true}]}}