{"id":30673,"date":"2021-02-28T16:05:25","date_gmt":"2021-02-28T15:05:25","guid":{"rendered":"https:\/\/www.wendepunkt-freiburg.de\/content\/?page_id=30673"},"modified":"2026-04-14T12:23:36","modified_gmt":"2026-04-14T10:23:36","slug":"praevention-im-kindergarten","status":"publish","type":"page","link":"https:\/\/www.wendepunkt-freiburg.de\/content\/main\/praevention\/praevention-im-kindergarten\/","title":{"rendered":"Pr\u00e4vention im Kindergarten"},"content":{"rendered":"<p>[et_pb_section fb_built=&#8220;1&#8243; _builder_version=&#8220;4.16&#8243; background_color=&#8220;#7cda24&#8243; transparent_background=&#8220;off&#8220; make_fullwidth=&#8220;off&#8220; use_custom_width=&#8220;off&#8220; width_unit=&#8220;on&#8220; global_colors_info=&#8220;{}&#8220;][et_pb_row _builder_version=&#8220;4.16&#8243; background_size=&#8220;initial&#8220; background_position=&#8220;top_left&#8220; background_repeat=&#8220;repeat&#8220; global_colors_info=&#8220;{}&#8220;][et_pb_column type=&#8220;4_4&#8243; _builder_version=&#8220;4.16&#8243; custom_padding=&#8220;|||&#8220; global_colors_info=&#8220;{}&#8220; custom_padding__hover=&#8220;|||&#8220;][et_pb_text admin_label=&#8220;F\u00fcr Kinderg\u00e4rten&#8220; _builder_version=&#8220;4.27.6&#8243; text_orientation=&#8220;center&#8220; background_layout=&#8220;dark&#8220; module_alignment=&#8220;center&#8220; use_border_color=&#8220;off&#8220; border_color=&#8220;#ffffff&#8220; border_style=&#8220;solid&#8220; global_colors_info=&#8220;{}&#8220;]<\/p>\n<h1>F\u00fcr Kinderg\u00e4rten<\/h1>\n<h5>Pugs+\u00a0 \u2013\u00a0 Pr\u00e4vention und geschlechtsspezifische Sexualp\u00e4dagogik im Kindergarten<\/h5>\n<p>[\/et_pb_text][\/et_pb_column][\/et_pb_row][\/et_pb_section][et_pb_section fb_built=&#8220;1&#8243; _builder_version=&#8220;4.16&#8243; global_colors_info=&#8220;{}&#8220;][et_pb_row _builder_version=&#8220;4.16&#8243; background_size=&#8220;initial&#8220; background_position=&#8220;top_left&#8220; background_repeat=&#8220;repeat&#8220; global_colors_info=&#8220;{}&#8220;][et_pb_column type=&#8220;4_4&#8243; _builder_version=&#8220;4.16&#8243; custom_padding=&#8220;|||&#8220; global_colors_info=&#8220;{}&#8220; custom_padding__hover=&#8220;|||&#8220;][et_pb_text _builder_version=&#8220;4.27.6&#8243; use_border_color=&#8220;off&#8220; border_color=&#8220;#ffffff&#8220; border_style=&#8220;solid&#8220; global_colors_info=&#8220;{}&#8220;]Pugs+ ist eine Kooperation zwischen der pro familia Freiburg, FRIG und Wendepunkt e.V., Fachstelle gegen sexuellen Missbrauch.<br \/>\nEs wendet sich speziell an Kindertagesst\u00e4tten mit einem Kompaktangebot, das Eltern, Erzieherinnen und Kinder im Alter von 3-6 Jahren einbezieht! Pugs+ setzt sich aus einzelnen Bausteinen zusammen (Kosten auf Anfrage).[\/et_pb_text][\/et_pb_column][\/et_pb_row][\/et_pb_section][et_pb_section fb_built=&#8220;1&#8243; specialty=&#8220;on&#8220; _builder_version=&#8220;4.27.6&#8243; _module_preset=&#8220;default&#8220; global_colors_info=&#8220;{}&#8220;][et_pb_column type=&#8220;1_2&#8243; specialty_columns=&#8220;2&#8243; _builder_version=&#8220;4.16&#8243; custom_padding=&#8220;|||&#8220; global_colors_info=&#8220;{}&#8220; custom_padding__hover=&#8220;|||&#8220;][et_pb_row_inner _builder_version=&#8220;4.27.6&#8243; _module_preset=&#8220;default&#8220; global_colors_info=&#8220;{}&#8220;][et_pb_column_inner saved_specialty_column_type=&#8220;1_2&#8243; _builder_version=&#8220;4.27.6&#8243; _module_preset=&#8220;default&#8220; global_colors_info=&#8220;{}&#8220;][et_pb_text admin_label=&#8220;Text &#8211; Headline&#8220; _builder_version=&#8220;4.27.6&#8243; use_border_color=&#8220;off&#8220; border_color=&#8220;#ffffff&#8220; border_style=&#8220;solid&#8220; global_colors_info=&#8220;{}&#8220;]<\/p>\n<h4>Pugs+ ist ein praxisorientiertes Pr\u00e4ventionsprogramm.<\/h4>\n<p>[\/et_pb_text][et_pb_text admin_label=&#8220;Text &#8211; Intro&#8220; _builder_version=&#8220;4.27.6&#8243; use_border_color=&#8220;off&#8220; border_color=&#8220;#ffffff&#8220; border_style=&#8220;solid&#8220; global_colors_info=&#8220;{}&#8220;]Es qualifiziert p\u00e4dagogische Fachkr\u00e4fte in Kindertageseinrichtungen im Umgang mit sexualisierter und h\u00e4uslicher Gewalt sowie in geschlechter-reflektierter Sexualp\u00e4dagogik \u2013 mit dem Ziel, Kinder wirksam zu sch\u00fctzen und fr\u00fchzeitig zu st\u00e4rken. Das lokal etablierte Programm Pugs (Wendepunkt in Kooperation mit pro familia) wurde um das Thema h\u00e4usliche Gewalt (FRIG) erweitert zu Pugs+ als eine von mehreren Ma\u00dfnahmen des kommunalen Aktionsplans der Stadt Freiburg im Breisgau zur Umsetzung der Istanbul-Konvention. Zus\u00e4tzlich wurde die Methodik-Fortbildung in der Resilienzf\u00f6rderung verst\u00e4rkt.[\/et_pb_text][\/et_pb_column_inner][\/et_pb_row_inner][et_pb_row_inner column_structure=&#8220;1_2,1_2&#8243; use_custom_gutter=&#8220;on&#8220; gutter_width=&#8220;2&#8243; _builder_version=&#8220;4.27.6&#8243; _module_preset=&#8220;default&#8220; global_colors_info=&#8220;{}&#8220;][et_pb_column_inner type=&#8220;1_2&#8243; saved_specialty_column_type=&#8220;1_2&#8243; _builder_version=&#8220;4.27.6&#8243; _module_preset=&#8220;default&#8220; global_colors_info=&#8220;{}&#8220;][et_pb_text admin_label=&#8220;Text &#8211; Weitere Informationen&#8220; _builder_version=&#8220;4.16&#8243; use_border_color=&#8220;off&#8220; border_color=&#8220;#ffffff&#8220; border_style=&#8220;solid&#8220; global_colors_info=&#8220;{}&#8220;]<span style=\"font-size: small;\">F\u00fcr weitere Fragen und ausf\u00fchrliche Informationen wenden Sie sich bitte an:<\/span><br \/>\n[\/et_pb_text][et_pb_team_member name=&#8220;Kristin H\u00fcls&#8220; image_url=&#8220;https:\/\/www.wendepunkt-freiburg.de\/content\/wp-content\/uploads\/2025\/03\/WEP-Portrait-750&#215;500-202503-Kristin-Huels-Foto-Britt-Schilling-29A2235.jpg&#8220; admin_label=&#8220;Person &#8211; Kristin H\u00fcls&#8220; _builder_version=&#8220;4.27.4&#8243; border_color_all=&#8220;#ffffff&#8220; use_border_color=&#8220;off&#8220; global_colors_info=&#8220;{}&#8220;][\/et_pb_team_member][\/et_pb_column_inner][et_pb_column_inner type=&#8220;1_2&#8243; saved_specialty_column_type=&#8220;1_2&#8243; _builder_version=&#8220;4.27.6&#8243; _module_preset=&#8220;default&#8220; global_colors_info=&#8220;{}&#8220;][et_pb_text admin_label=&#8220;Text &#8211; Intro&#8220; _builder_version=&#8220;4.27.6&#8243; use_border_color=&#8220;off&#8220; border_color=&#8220;#ffffff&#8220; border_style=&#8220;solid&#8220; global_colors_info=&#8220;{}&#8220;]<\/p>\n<p style=\"font-size: small;\">Pugs+ wird gef\u00f6rdert durch<\/p>\n<ul style=\"font-size: small;\">\n<li>Volker-Homann-Stiftung, Freiburg<\/li>\n<li>Kinder in Freiburg und Umland e.V.<\/li>\n<li>Sicheres Freiburg e.V.<\/li>\n<\/ul>\n<p>[\/et_pb_text][et_pb_image _builder_version=&#8220;4.27.6&#8243; _module_preset=&#8220;default&#8220; alt=&#8220;Logo Freiburg-Gewaltschutz-Ma\u00dfnahme Istanbul-Konvention&#8220; title_text=&#8220;Logo Freiburg-Gewaltschutz-Ma\u00dfnahme Istanbul-Konvention&#8220; src=&#8220;https:\/\/www.wendepunkt-freiburg.de\/content\/wp-content\/uploads\/2026\/04\/Logo-Freiburg-Gewaltschutz-Istanbul-Konvention.png&#8220; hover_enabled=&#8220;0&#8243; sticky_enabled=&#8220;0&#8243;][\/et_pb_image][\/et_pb_column_inner][\/et_pb_row_inner][\/et_pb_column][et_pb_column type=&#8220;1_2&#8243; _builder_version=&#8220;4.16&#8243; custom_padding=&#8220;|||&#8220; global_colors_info=&#8220;{}&#8220; custom_padding__hover=&#8220;|||&#8220;][et_pb_image src=&#8220;https:\/\/www.wendepunkt-freiburg.de\/content\/wp-content\/uploads\/2017\/04\/WEP-Widescreen-Bausteine.jpg&#8220; title_text=&#8220;WEP-Widescreen-Bausteine&#8220; admin_label=&#8220;Bild &#8212; Bausteine&#8220; _builder_version=&#8220;4.21.0&#8243; _module_preset=&#8220;default&#8220; global_colors_info=&#8220;{}&#8220;][\/et_pb_image][et_pb_accordion admin_label=&#8220;Akkordeon &#8212; Bausteine&#8220; _builder_version=&#8220;4.27.6&#8243; use_border_color=&#8220;off&#8220; border_color=&#8220;#ffffff&#8220; border_style=&#8220;solid&#8220; global_colors_info=&#8220;{}&#8220;][et_pb_accordion_item title=&#8220;Baustein 1&#8243; open=&#8220;on&#8220; _builder_version=&#8220;4.27.6&#8243; custom_padding=&#8220;10px|10px|10px|10px|false|false&#8220; global_colors_info=&#8220;{}&#8220; toggle_level=&#8220;h5&#8243; toggle_font_size=&#8220;20px&#8220;]<\/p>\n<ul>\n<li>Fortbildung der p\u00e4dagogischen Fachkr\u00e4fte (je 3 Stunden)<\/li>\n<li>Sexualp\u00e4dagogik (pro familia)<\/li>\n<li>Pr\u00e4vention gegen sexuellen Missbrauch (Wendepunkt)<\/li>\n<li>Pr\u00e4vention gegen H\u00e4usliche Gewalt (FRIG)<\/li>\n<\/ul>\n<p>[\/et_pb_accordion_item][et_pb_accordion_item title=&#8220;Baustein 2&#8243; _builder_version=&#8220;4.27.6&#8243; custom_padding=&#8220;10px|10px|10px|10px|false|false&#8220; global_colors_info=&#8220;{}&#8220; toggle_level=&#8220;h5&#8243; toggle_font_size=&#8220;20px&#8220; open=&#8220;off&#8220;]Methodenschulung der p\u00e4dagogischen Fachkr\u00e4fte (4 Stunden)[\/et_pb_accordion_item][et_pb_accordion_item title=&#8220;Baustein 3&#8243; _builder_version=&#8220;4.27.6&#8243; custom_padding=&#8220;10px|10px|10px|10px|false|false&#8220; global_colors_info=&#8220;{}&#8220; toggle_level=&#8220;h5&#8243; toggle_font_size=&#8220;20px&#8220; open=&#8220;off&#8220;]Elternabend zu den Themen Sexualp\u00e4dagogik und Gewalt-Pr\u00e4vention (2 Stunden)[\/et_pb_accordion_item][et_pb_accordion_item title=&#8220;Baustein 4&#8243; _builder_version=&#8220;4.27.6&#8243; custom_padding=&#8220;10px|10px|10px|10px|false|false&#8220; global_colors_info=&#8220;{}&#8220; toggle_level=&#8220;h5&#8243; toggle_font_size=&#8220;20px&#8220; open=&#8220;off&#8220;]Theaterst\u00fcck: \u201ePugs und Lotte im Kindergarten\u201c (eine halbe Stunde)<br \/>\n-> empfohlen f\u00fcr Kinder ab 4 Jahren[\/et_pb_accordion_item][et_pb_accordion_item title=&#8220;Baustein 5&#8243; _builder_version=&#8220;4.27.6&#8243; custom_padding=&#8220;10px|10px|10px|10px|false|false&#8220; global_colors_info=&#8220;{}&#8220; toggle_level=&#8220;h5&#8243; toggle_font_size=&#8220;20px&#8220; open=&#8220;off&#8220;]<\/p>\n<ul>\n<li>Follow-Up mit der Einrichtungsleitung (1 Stunde)<\/li>\n<li>Gespr\u00e4ch, wie die Umsetzung der Methoden mit den Kindern in der Kita gelingt<\/li>\n<\/ul>\n<p>[\/et_pb_accordion_item][\/et_pb_accordion][\/et_pb_column][\/et_pb_section]<\/p>\n","protected":false},"excerpt":{"rendered":"<p>F\u00fcr Kinderg\u00e4rten Pugs+\u00a0 \u2013\u00a0 Pr\u00e4vention und geschlechtsspezifische Sexualp\u00e4dagogik im KindergartenPugs+ ist eine Kooperation zwischen der pro familia Freiburg, FRIG und Wendepunkt e.V., Fachstelle gegen sexuellen Missbrauch. Es wendet sich speziell an Kindertagesst\u00e4tten mit einem Kompaktangebot, das Eltern, Erzieherinnen und Kinder im Alter von 3-6 Jahren einbezieht! Pugs+ setzt sich aus einzelnen Bausteinen zusammen (Kosten auf Anfrage).Pugs+ ist ein praxisorientiertes Pr\u00e4ventionsprogramm.Es qualifiziert p\u00e4dagogische Fachkr\u00e4fte in Kindertageseinrichtungen im Umgang mit sexualisierter und h\u00e4uslicher Gewalt sowie in geschlechter-reflektierter Sexualp\u00e4dagogik \u2013 mit dem Ziel, Kinder wirksam zu sch\u00fctzen und fr\u00fchzeitig zu st\u00e4rken. Das lokal etablierte Programm Pugs (Wendepunkt in Kooperation mit pro familia) wurde um das Thema h\u00e4usliche Gewalt (FRIG) erweitert zu Pugs+ als eine von mehreren Ma\u00dfnahmen des kommunalen Aktionsplans der Stadt Freiburg im Breisgau zur Umsetzung der Istanbul-Konvention. Zus\u00e4tzlich wurde die Methodik-Fortbildung in der Resilienzf\u00f6rderung verst\u00e4rkt.F\u00fcr weitere Fragen und ausf\u00fchrliche Informationen wenden Sie sich bitte an: Pugs+ wird gef\u00f6rdert durch Volker-Homann-Stiftung, Freiburg Kinder in Freiburg und Umland e.V. Sicheres Freiburg e.V. Fortbildung der p\u00e4dagogischen Fachkr\u00e4fte (je 3 Stunden) Sexualp\u00e4dagogik (pro familia) Pr\u00e4vention gegen sexuellen Missbrauch (Wendepunkt) Pr\u00e4vention gegen H\u00e4usliche Gewalt (FRIG) Methodenschulung der p\u00e4dagogischen Fachkr\u00e4fte (4 Stunden)Elternabend zu den Themen Sexualp\u00e4dagogik und Gewalt-Pr\u00e4vention (2 Stunden)Theaterst\u00fcck: \u201ePugs und Lotte im Kindergarten\u201c (eine halbe [&hellip;]<\/p>\n","protected":false},"author":2,"featured_media":0,"parent":28749,"menu_order":4,"comment_status":"closed","ping_status":"closed","template":"","meta":{"_et_pb_use_builder":"on","_et_pb_old_content":"","_et_gb_content_width":"","footnotes":""},"class_list":["post-30673","page","type-page","status-publish","hentry"],"_links":{"self":[{"href":"https:\/\/www.wendepunkt-freiburg.de\/content\/wp-json\/wp\/v2\/pages\/30673","targetHints":{"allow":["GET"]}}],"collection":[{"href":"https:\/\/www.wendepunkt-freiburg.de\/content\/wp-json\/wp\/v2\/pages"}],"about":[{"href":"https:\/\/www.wendepunkt-freiburg.de\/content\/wp-json\/wp\/v2\/types\/page"}],"author":[{"embeddable":true,"href":"https:\/\/www.wendepunkt-freiburg.de\/content\/wp-json\/wp\/v2\/users\/2"}],"replies":[{"embeddable":true,"href":"https:\/\/www.wendepunkt-freiburg.de\/content\/wp-json\/wp\/v2\/comments?post=30673"}],"version-history":[{"count":6,"href":"https:\/\/www.wendepunkt-freiburg.de\/content\/wp-json\/wp\/v2\/pages\/30673\/revisions"}],"predecessor-version":[{"id":32652,"href":"https:\/\/www.wendepunkt-freiburg.de\/content\/wp-json\/wp\/v2\/pages\/30673\/revisions\/32652"}],"up":[{"embeddable":true,"href":"https:\/\/www.wendepunkt-freiburg.de\/content\/wp-json\/wp\/v2\/pages\/28749"}],"wp:attachment":[{"href":"https:\/\/www.wendepunkt-freiburg.de\/content\/wp-json\/wp\/v2\/media?parent=30673"}],"curies":[{"name":"wp","href":"https:\/\/api.w.org\/{rel}","templated":true}]}}